{"id":1829,"date":"2020-11-03T16:55:42","date_gmt":"2020-11-03T15:55:42","guid":{"rendered":"http:\/\/tosbkzel.web.belwue.de\/?page_id=1829"},"modified":"2022-08-28T09:34:32","modified_gmt":"2022-08-28T07:34:32","slug":"projekte-des-foerdervereins","status":"publish","type":"page","link":"https:\/\/www.rs-balingen.de\/home\/projekte-des-foerdervereins\/","title":{"rendered":"Projekte des F\u00f6rdervereins"},"content":{"rendered":"\t\t<div data-elementor-type=\"wp-page\" data-elementor-id=\"1829\" class=\"elementor elementor-1829\" data-elementor-post-type=\"page\">\n\t\t\t\t\t\t<section class=\"elementor-section elementor-top-section elementor-element elementor-element-3f518c3f elementor-section-boxed elementor-section-height-default elementor-section-height-default\" data-id=\"3f518c3f\" data-element_type=\"section\">\n\t\t\t\t\t\t<div class=\"elementor-container elementor-column-gap-default\">\n\t\t\t\t\t<div class=\"elementor-column elementor-col-100 elementor-top-column elementor-element elementor-element-14042f7f\" data-id=\"14042f7f\" data-element_type=\"column\">\n\t\t\t<div class=\"elementor-widget-wrap elementor-element-populated\">\n\t\t\t\t\t\t<div class=\"elementor-element elementor-element-e332086 elementor-widget elementor-widget-spacer\" data-id=\"e332086\" data-element_type=\"widget\" data-widget_type=\"spacer.default\">\n\t\t\t\t<div class=\"elementor-widget-container\">\n\t\t\t\t\t\t\t<div class=\"elementor-spacer\">\n\t\t\t<div class=\"elementor-spacer-inner\"><\/div>\n\t\t<\/div>\n\t\t\t\t\t\t<\/div>\n\t\t\t\t<\/div>\n\t\t\t\t<div class=\"elementor-element elementor-element-2b3a450a elementor-widget elementor-widget-text-editor\" data-id=\"2b3a450a\" data-element_type=\"widget\" data-widget_type=\"text-editor.default\">\n\t\t\t\t<div class=\"elementor-widget-container\">\n\t\t\t\t\t\t\t\t\t<p>Der<strong> F\u00f6rderverein hat eine \u00dcbersicht \u00fcber seine Projekte der vergangenen Jahre zusammengestellt und weist auf aktuelle Termine hin.<\/strong><\/p>\n<p><strong>Beschaffung einer Beschallungsanlage f\u00fcr Musicals, Theater, SMV-Disco und sonstige schulische Veranstaltungen<br><\/strong><\/p>\n<p>Seit dem Schuljahr 2021\/22 verf\u00fcgt die Schule \u00fcber eine gute Beschallungsanlage, die dank des F\u00f6rdervereins angeschafft werden konnte.<strong><br><\/strong><\/p>\n<div align=\"left\">\n<p><b>&nbsp;<\/b><\/p>\n<p><b>F\u00f6rderung des Sch\u00fcleraustausches der Klasse 9b nach Amerika<br><\/b>\u00dcber das DAI (Deutsch-Amerikanische Institut) hatte die Klasse 9b die M\u00f6glichkeit, an einem intensiven Austauschprogramm mit der amerikanischen &#8222;Milwaukee School of Languages&#8220; teilzunehmen.<br>Der F\u00f6rderverein \u00fcbernahm einen Teil der Kosten, die selber getragen werden mussten.<\/p>\n<p><\/p>\n<p><b style=\"font-size: 15px; color: var( --e-global-color-text );\">Anschaffung eines Tischkickers<\/b><\/p>\n<p><span style=\"font-size: 15px; color: var( --e-global-color-text );\">Altershalber mussten im April 2016 die zwei Tischkicker ersetzt werden, die in der vergangenen Zeit immer rege von den Sch\u00fclerinnen und Sch\u00fclern genutzt wurden. Die Kosten f\u00fcr einen der beiden neuen Tischkicker wurde dabei vom F\u00f6rderverein \u00fcbernommen.<\/span><\/p>\n<p><span style=\"font-size: 15px; color: var( --e-global-color-text );\">&nbsp;<\/span><\/p>\n<p><b>F\u00f6rderung des Workshops \u201eTarzan und Jane 2.0\u201c<br><\/b><\/p>\n<p>Kinder und Jugendliche werden heutzutage st\u00e4ndig mit dem Thema Sexualit\u00e4t konfrontiert, z.B. \u00fcber Bilder, Werbung, Filme, Liedtexte, Clips etc. Die schulische Sexualerziehung ist vor diesem Hintergrund oft nicht ausreichend. Bei diesem Projekt sollen die Jungen und M\u00e4dchen lernen, was f\u00fcr einen verantwortungsbewussten und selbstbestimmten Umgang mit Sexualit\u00e4t in der heutigen Gesellschaft n\u00f6tig ist.<\/p>\n<p>Die Informations- und Beratungsstelle Feuervogel f\u00fchrte im Fr\u00fchjahr 2016 das obige Projekt in der Klassenstufe 9 durch. Der F\u00f6rderverein beteiligte sich an den Kosten f\u00fcr die Veranstaltung.<\/p>\n<div align=\"center\">\n<table class=\"mceVisualAid\" border=\"0\" align=\"center\">\n<tbody>\n<tr>\n<td class=\"mceVisualAid\">&nbsp;<\/td>\n<td class=\"mceVisualAid\">&nbsp;<\/td>\n<\/tr>\n<\/tbody>\n<\/table>\n<\/div>\n<\/div>\n<div align=\"left\">\n<p><b>\u00dcbergabe der Gewinnsummen aus dem \u201estart-up\u201c-Wettbewerb<br><\/b>F\u00fcr das Schuljahr 2015\/16 wurde unter den neuen F\u00fcnferklassen wieder ein \u201estart-up\u201c-Wettbewerb durchgef\u00fchrt.<br>Dabei erh\u00e4lt jede Klasse den ersten Jahresbeitrag der von ihr geworbenen Mitglieder f\u00fcr den F\u00f6rderverein der Realschule Balingen e.V. in ihre Klassenkasse.<\/p>\n<p>Die Klassensprecherinnen und \u2013sprecher der folgenden Klassen konnten am 08.12.2015 von Frau Ute Braun, der Vorsitzenden des F\u00f6rdervereins, folgende Betr\u00e4ge entgegennehmen:<br>Klasse 5a: 25 \u20ac, Klasse 5b: 55 \u20ac, Klasse 5c: 60 \u20ac und Klasse 5d: 15 \u20ac<\/p>\n<div align=\"center\">&nbsp;<\/div>\n<p><b><br>Veranstaltung zum Thema &#8222;Inklusion&#8220; am 18.11.2015<br><\/b>Am 18.11.2015 fand in der Lauwasenschule eine Veranstaltung zum Thema &#8222;Inklusion&#8220; statt. Initiiert wurde diese Veranstaltung vom Runden Tisch der Balinger Schulf\u00f6rdervereine, bei dem auch der F\u00f6rderverein der Realschule Balingen e.V. Mitglied ist.<br>N\u00e4here Einzelheiten k\u00f6nnen Sie diesem Zeitungsartikel des Schwarzw\u00e4lder Boten vom 20.11.2015 entnehmen.<\/p>\n<p><b><br><\/b><b>Ausbildung zu Pausenspielmentoren<\/b><br>Im Rahmen von TOP SE machten 7 Sch\u00fcler\/-innen in der Zeit vom 24. \u2013 26.02.2015 eine Grundausbildung zu Pausenspielmentoren in Egenhausen im Freizeitheim Kapf.<br>Auf dem Programm standen dabei:<br>\u2022 Pers\u00f6nlichkeitstraining<br>\u2022 Glaube live<br>\u2022 Action<br>\u2022 Konflikte l\u00f6sen lernen<br>\u2022 Teamarbeit<br>\u2022 Organisation, Recht, Finanzen \u2026\u2026.<br>Die Teilnehmer\/-innen unterst\u00fctzen die Schulsozialarbeiterin Frau Steudner abwechselnd 1 x pro Woche bei der aktiven Pause und f\u00fchren zus\u00e4tzlich 1 \u2013 2 Projekte durch. Der F\u00f6rderverein der Realschule Balingen e.V. freut sich \u00fcber dieses Engagement und unterst\u00fctzte die Ausbildung mit 15 \u20ac pro Teilnehmer\/-in.<\/p>\n<div align=\"center\">&nbsp;<span style=\"font-size: 15px; color: var( --e-global-color-text ); -webkit-text-size-adjust: 100%;\">&nbsp;<\/span><\/div>\n<p><b>Besuch des Musicals &#8222;Peter Pan&#8220;<\/b><br>Am 10.03.2015 fand in der Stadthalle Balingen &#8222;Peter Pan&#8220; statt. Da die Veranstaltung in sehr einfachem Englisch aufgef\u00fchrt wurde, war sie f\u00fcr die Klassenstufe 7 geeignet.<br>Insgesamt nahmen 102 Sch\u00fcler\/-innen an der Veranstaltung teil. F\u00fcr alle war es eine neue Art und Weise, die englische Sprache kennenzulernen. Der F\u00f6rderverein der Realschule Balingen e.V. unterst\u00fctzte die Teilnahme an der Veranstaltung wie folgt:<br>\u2022 Mitglieder des F\u00f6rdervereins erhielten den vollen Kartenpreis (8 \u20ac)<br>\u2022 Nicht-Mitglieder erhielten 2 \u20ac pro Karte.<br>Wir m\u00f6chten uns bei Frau Oster und Frau L\u00f6ffler f\u00fcr die Organisation recht herzlich bedanken.<\/p>\n<div>&nbsp;<\/div>\n<p><b><br>Gewinn\u00fcbergabe an die Neumitglieder<br><\/b>Gewinne wurden an die Neumitglieder des F\u00f6rdervereins der Realschule Balingen e.V. \u00fcbergeben.<br>Am Anfang dieses Schuljahres rief der F\u00f6rderverein der Realschule Balingen e.V. einen Wettbewerb aus. Jedes Neumitglied nahm an einer Verlosung teil, bei der es attraktive Preise zu gewinnen gab.<br>Am 02.12.2014 wurden die Preise von der Vorsitzenden des F\u00f6rdervereins der Realschule Balingen, Frau Ute Braun, \u00fcbergeben:<\/p>\n<ul>\n<li>Frau Schaarschmidt gewann einen Gutschein der Buchhandlung Daniel \u00fcber 25 \u20ac.<\/li>\n<li>Frau Oster durfte sich \u00fcber einen Gutschein von padeffke f\u00fcr ein Prosecco-Fr\u00fchst\u00fcck f\u00fcr zwei Personen freuen.<\/li>\n<li>Rami Hatchami erh\u00e4lt f\u00fcr die n\u00e4chsten drei Monate kostenlos den Kinderboten des Schwarzw\u00e4lder Boten.<\/li>\n<li>Ey\u00fcp Demir bekommt einen Kapuzen-Sweatshirt von der Schulkleidung.<\/li>\n<\/ul><div><br><\/div>\n<p><b>Anschaffung von Headsets<\/b><\/p>\n<\/div>\n<p>Immer wieder f\u00fchren Sch\u00fclerinnen und Sch\u00fcler kleinere Theaterst\u00fccke vor. Nun wagten sie sich sogar an ein Musical. Damit die Vorf\u00fchrungen k\u00fcnftig f\u00fcr die Zuschauer akustisch besser zu verstehen sind, schaffte die Schule insgesamt 4 Headsets an. Der F\u00f6rderverein \u00fcbernahm die Kosten f\u00fcr 2 Headsets.<\/p>\n<table class=\"mceVisualAid\" border=\"0\" align=\"center\">\n<tbody>\n<tr>\n<td class=\"mceVisualAid\">&nbsp;<\/td>\n<td class=\"mceVisualAid\">&nbsp;<\/td>\n<\/tr>\n<\/tbody>\n<\/table>\n<p><b>Schulfest am 24.05.2014<\/b><br>Beim Schulfest traten der Elternbeirat und der F\u00f6rderverein gemeinsam auf. Am toll dekorierten Stand wurden Obstcocktails angeboten. Vom F\u00f6rderverein wurde von der GHWRS Frommern ein Niederseilgarten ausgeliehen und auf der Wiese zwischen der Realschule und dem Gymnasium aufgebaut.<\/p>\n<p><b><br><\/b><\/p><p><b>Realsch\u00fcler sind bei Geislingen 21 dabei<\/b><br>Am 12.04.2014 starteten insgesamt sieben Sch\u00fclerinnen und Sch\u00fcler bei Geislingen 21. Dort mussten sie, je nach Alter, verschiedene Laufdistanzen bew\u00e4ltigen. Die Startgeb\u00fchr wurde vom F\u00f6rderverein \u00fcbernommen.<\/p>\n<p><b><br><\/b><\/p><p><b>Schulkleidungstag am 19.07.2013<\/b><br>Alle Sch\u00fclerinnen und Sch\u00fcler, die an diesem Tag die Schulkleidung trugen, konnten bei einer Verlosung mitmachen. Zu gewinnen gab es Gutscheine f\u00fcr die n\u00e4chste Schulkleidung, Gutscheine f\u00fcr das Kino und S\u00fc\u00dfigkeiten.<\/p>\n<p><b><br><\/b><\/p><p><b>Besuch der Erich-Heckel-Ausstellung in der Stadthalle Balingen<br><\/b>Am 24. und 26.09.2013 besuchten insgesamt 47 Sch\u00fclerinnen und Sch\u00fcler der 9. und 10. Klasse mit ihren Kunstlehrerinnen die Erich-Heckel-Ausstellung. Ausgew\u00e4hlte Bilder wurden dabei eingehend erl\u00e4utert, wobei auch die Bildtechniken vorgestellt wurden. Die Kenntnisse \u00fcber die Werke von Heckel und sein Leben werden im Kunstunterricht nun weiter vertieft. Die Kosten f\u00fcr die F\u00fchrung und ein Teil der Eintrittspreise wurden dabei vom F\u00f6rderverein \u00fcbernommen.<b><br><\/b><\/p>\n<p><b><br>Start up 2013\/2014<br><\/b>Bei den neuen F\u00fcnftkl\u00e4sslern wurde ein Wettbewerb ausgerufen. Die Klasse, die die meisten Anmeldungen f\u00fcr den F\u00f6rderverein gewinnen konnte, bekam den ersten Jahresbeitrag f\u00fcr ihre Klassenkasse gespendet. Dieses Jahr freute sich die Klasse 5c mit ihrer Klassenlehrerin \u00fcber den Gewinn, den sie am 02.12.2013 erhielt. Die Klassen 5a und 5b durften sich mit einem Griff in die \u201eSchleckschachtel\u201c tr\u00f6sten.<b><br><\/b><\/p>\n<p align=\"center\">\n<\/p>\t\t\t\t\t\t\t\t<\/div>\n\t\t\t\t<\/div>\n\t\t\t\t\t<\/div>\n\t\t<\/div>\n\t\t\t\t\t<\/div>\n\t\t<\/section>\n\t\t\t\t<\/div>\n\t\t","protected":false},"excerpt":{"rendered":"<p>Der F\u00f6rderverein hat eine \u00dcbersicht \u00fcber seine Projekte der vergangenen Jahre zusammengestellt und weist auf aktuelle Termine hin. Beschaffung einer Beschallungsanlage f\u00fcr Musicals, Theater, SMV-Disco und sonstige schulische Veranstaltungen Seit dem Schuljahr 2021\/22 verf\u00fcgt die Schule \u00fcber eine gute Beschallungsanlage, die dank des F\u00f6rdervereins angeschafft werden konnte. &nbsp; F\u00f6rderung des Sch\u00fcleraustausches der Klasse 9b nach [&hellip;]<\/p>\n","protected":false},"author":1,"featured_media":0,"parent":0,"menu_order":0,"comment_status":"closed","ping_status":"closed","template":"","meta":{"ocean_post_layout":"full-screen","ocean_both_sidebars_style":"","ocean_both_sidebars_content_width":0,"ocean_both_sidebars_sidebars_width":0,"ocean_sidebar":"0","ocean_second_sidebar":"0","ocean_disable_margins":"enable","ocean_add_body_class":"","ocean_shortcode_before_top_bar":"","ocean_shortcode_after_top_bar":"","ocean_shortcode_before_header":"","ocean_shortcode_after_header":"","ocean_has_shortcode":"","ocean_shortcode_after_title":"","ocean_shortcode_before_footer_widgets":"","ocean_shortcode_after_footer_widgets":"","ocean_shortcode_before_footer_bottom":"","ocean_shortcode_after_footer_bottom":"","ocean_display_top_bar":"off","ocean_display_header":"default","ocean_header_style":"","ocean_center_header_left_menu":"0","ocean_custom_header_template":"0","ocean_custom_logo":0,"ocean_custom_retina_logo":0,"ocean_custom_logo_max_width":0,"ocean_custom_logo_tablet_max_width":0,"ocean_custom_logo_mobile_max_width":0,"ocean_custom_logo_max_height":0,"ocean_custom_logo_tablet_max_height":0,"ocean_custom_logo_mobile_max_height":0,"ocean_header_custom_menu":"0","ocean_menu_typo_font_family":"0","ocean_menu_typo_font_subset":"","ocean_menu_typo_font_size":0,"ocean_menu_typo_font_size_tablet":0,"ocean_menu_typo_font_size_mobile":0,"ocean_menu_typo_font_size_unit":"px","ocean_menu_typo_font_weight":"","ocean_menu_typo_font_weight_tablet":"","ocean_menu_typo_font_weight_mobile":"","ocean_menu_typo_transform":"","ocean_menu_typo_transform_tablet":"","ocean_menu_typo_transform_mobile":"","ocean_menu_typo_line_height":0,"ocean_menu_typo_line_height_tablet":0,"ocean_menu_typo_line_height_mobile":0,"ocean_menu_typo_line_height_unit":"","ocean_menu_typo_spacing":0,"ocean_menu_typo_spacing_tablet":0,"ocean_menu_typo_spacing_mobile":0,"ocean_menu_typo_spacing_unit":"","ocean_menu_link_color":"","ocean_menu_link_color_hover":"","ocean_menu_link_color_active":"","ocean_menu_link_background":"","ocean_menu_link_hover_background":"","ocean_menu_link_active_background":"","ocean_menu_social_links_bg":"","ocean_menu_social_hover_links_bg":"","ocean_menu_social_links_color":"","ocean_menu_social_hover_links_color":"","ocean_disable_title":"on","ocean_disable_heading":"default","ocean_post_title":"","ocean_post_subheading":"","ocean_post_title_style":"","ocean_post_title_background_color":"","ocean_post_title_background":0,"ocean_post_title_bg_image_position":"","ocean_post_title_bg_image_attachment":"","ocean_post_title_bg_image_repeat":"","ocean_post_title_bg_image_size":"","ocean_post_title_height":0,"ocean_post_title_bg_overlay":0.5,"ocean_post_title_bg_overlay_color":"","ocean_disable_breadcrumbs":"default","ocean_breadcrumbs_color":"","ocean_breadcrumbs_separator_color":"","ocean_breadcrumbs_links_color":"","ocean_breadcrumbs_links_hover_color":"","ocean_display_footer_widgets":"off","ocean_display_footer_bottom":"off","ocean_custom_footer_template":"0","footnotes":""},"_links":{"self":[{"href":"https:\/\/www.rs-balingen.de\/home\/wp-json\/wp\/v2\/pages\/1829"}],"collection":[{"href":"https:\/\/www.rs-balingen.de\/home\/wp-json\/wp\/v2\/pages"}],"about":[{"href":"https:\/\/www.rs-balingen.de\/home\/wp-json\/wp\/v2\/types\/page"}],"author":[{"embeddable":true,"href":"https:\/\/www.rs-balingen.de\/home\/wp-json\/wp\/v2\/users\/1"}],"replies":[{"embeddable":true,"href":"https:\/\/www.rs-balingen.de\/home\/wp-json\/wp\/v2\/comments?post=1829"}],"version-history":[{"count":0,"href":"https:\/\/www.rs-balingen.de\/home\/wp-json\/wp\/v2\/pages\/1829\/revisions"}],"wp:attachment":[{"href":"https:\/\/www.rs-balingen.de\/home\/wp-json\/wp\/v2\/media?parent=1829"}],"curies":[{"name":"wp","href":"https:\/\/api.w.org\/{rel}","templated":true}]}}